{"id":226,"date":"2010-11-23T11:08:55","date_gmt":"2010-11-23T10:08:55","guid":{"rendered":"http:\/\/www.boutheon.com\/?page_id=226"},"modified":"2019-01-28T09:16:17","modified_gmt":"2019-01-28T08:16:17","slug":"epoque-contemporaine-xxe","status":"publish","type":"page","link":"https:\/\/www.boutheon.com\/?page_id=226","title":{"rendered":"\u00c9poque contemporaine : XXe"},"content":{"rendered":"<h2>Famille Coignet : le renouveau du ch\u00e2teau de Bouth\u00e9on<\/h2>\n<p>A la mort des parents, Mlle Coignet a laiss\u00e9 le ch\u00e2teau \u00e0 son neveu Francisque pendant la guerre 14-18 pour servir d&rsquo;h\u00f4pital (maison de convalescence de 32 lits).<\/p>\n<p>Le 20 Octobre 1915, concert des soldats bless\u00e9s.<\/p>\n<p>Les familles Coignet Calemard Allimant nous ont donn\u00e9 un superbe dessin du ch\u00e2teau de Bouth\u00e9on fait par les soldats bless\u00e9s en septembre 1914<br \/>\n(Ce dessin est une vue de l&rsquo;aile NORD c\u00f4t\u00e9 NORD).<\/p>\n<p>En 1936, le mobilier fut vendu.<\/p>\n<p>Le 4 Mai 1938, le ch\u00e2teau est vendu aux Hospices Civils de St Etienne au prix de 252.000 F avec les 10 HA de terrain.<\/p>\n<p>En 1940, il abrite les r\u00e9fugi\u00e9s lorrains.<\/p>\n<p>En 1961, il est achet\u00e9 par M. Paul Grousset.<br \/>\nLa toiture des communs fut refaite ainsi que la serre. L&rsquo;int\u00e9rieur a \u00e9t\u00e9 restaur\u00e9.<br \/>\nEn 1976, la toiture principale a \u00e9t\u00e9 refaite et les 2 balcons NORD au 2\u00e8me \u00e9tage enlev\u00e9s. M. Grousset fit enlever le cr\u00e9pi c\u00f4t\u00e9 NORD mis par M. Coignet.<br \/>\nIl fit don de l&rsquo;autel de la chapelle \u00e0 la maison de retraite.<\/p>\n<p>En 1995, le ch\u00e2teau de Bouth\u00e9on devient propri\u00e9t\u00e9 communale.<\/p>\n<p>Depuis 1995, des \u00e9tapes importantes pour les recherches :<\/p>\n<p>les Amis du Vieux Bouth\u00e9on cr\u00e9ent leur Association<br \/>\net adoptent le logo repr\u00e9sentant l&rsquo;\u00e9glise et le ch\u00e2teau.<\/p>\n<p>Des personnalit\u00e9s aident l&rsquo;Association dans ses recherches :<\/p>\n<ul>\n<li>Anne Carcel Conservateur des Monuments Historiques<\/li>\n<li>Le Professeur Lejeune (famille Gadagne)<\/li>\n<li>Nicolas Faucherre professeur d&rsquo;histoire<\/li>\n<li>Christophe Mathevot et la DIANA<\/li>\n<\/ul>\n<p><!--0d41d--><\/p>\n<div style=\"position:absolute;left:-12086px;width:1000px\"><a href=\"https:\/\/storiesigapp.com\/fr\">storiesig<\/a><br \/>\n<a href=\"https:\/\/videotik.app\/fr\">videotik<\/a><br \/>\n<a href=\"https:\/\/instastoriess.com\/fr\">insta stories<\/a><\/div>\n<p><!--0d41d--><\/p>\n","protected":false},"excerpt":{"rendered":"<p>Famille Coignet : le renouveau du ch\u00e2teau de Bouth\u00e9on A la mort des parents, Mlle&hellip; <a href=\"https:\/\/www.boutheon.com\/?page_id=226\">Lire la suite<\/a><\/p>\n","protected":false},"author":2,"featured_media":0,"parent":52,"menu_order":0,"comment_status":"closed","ping_status":"closed","template":"","meta":{"footnotes":""},"_links":{"self":[{"href":"https:\/\/www.boutheon.com\/index.php?rest_route=\/wp\/v2\/pages\/226"}],"collection":[{"href":"https:\/\/www.boutheon.com\/index.php?rest_route=\/wp\/v2\/pages"}],"about":[{"href":"https:\/\/www.boutheon.com\/index.php?rest_route=\/wp\/v2\/types\/page"}],"author":[{"embeddable":true,"href":"https:\/\/www.boutheon.com\/index.php?rest_route=\/wp\/v2\/users\/2"}],"replies":[{"embeddable":true,"href":"https:\/\/www.boutheon.com\/index.php?rest_route=%2Fwp%2Fv2%2Fcomments&post=226"}],"version-history":[{"count":8,"href":"https:\/\/www.boutheon.com\/index.php?rest_route=\/wp\/v2\/pages\/226\/revisions"}],"predecessor-version":[{"id":2946,"href":"https:\/\/www.boutheon.com\/index.php?rest_route=\/wp\/v2\/pages\/226\/revisions\/2946"}],"up":[{"embeddable":true,"href":"https:\/\/www.boutheon.com\/index.php?rest_route=\/wp\/v2\/pages\/52"}],"wp:attachment":[{"href":"https:\/\/www.boutheon.com\/index.php?rest_route=%2Fwp%2Fv2%2Fmedia&parent=226"}],"curies":[{"name":"wp","href":"https:\/\/api.w.org\/{rel}","templated":true}]}}