{"id":3215,"date":"2022-07-06T15:33:40","date_gmt":"2022-07-06T14:33:40","guid":{"rendered":"http:\/\/www.boutheon.com\/?page_id=3215"},"modified":"2022-08-19T06:52:50","modified_gmt":"2022-08-19T05:52:50","slug":"quizz-sentier-des-3-ports-2","status":"publish","type":"page","link":"https:\/\/www.boutheon.com\/?page_id=3215","title":{"rendered":"QUIZ sentier des 3 Ports #2"},"content":{"rendered":"\n<p><strong>Panneau 02<\/strong>&nbsp;: l\u2019oratoire d\u00e9di\u00e9 \u00e0 la Vierge Marie<\/p>\n\n\n\n<p> Cette madone a \u00e9t\u00e9 r\u00e9alis\u00e9e en 1962 par Jean Cardot, un artiste st\u00e9phanois r\u00e9put\u00e9.<\/p>\n\n\n\n<p>A quelle occasion cette \u0153uvre fut command\u00e9e&nbsp;?<\/p>\n\n\n\n<p> Choix 1&nbsp;: suite au centenaire de l\u2019\u00e9glise de 1961.<\/p>\n\n\n\n<p> Choix 2&nbsp;: r\u00e9conciliation franco-allemande entre Charles de Gaulle et Konrad Adenauer.<\/p>\n\n\n\n<p>R\u00e9ponse&nbsp;:<\/p>\n\n\n\n<p>Lors du centenaire de l\u2019\u00e9glise en 1961, une grande f\u00eate avait \u00e9t\u00e9 organis\u00e9e au ch\u00e2teau et une souscription avait \u00e9t\u00e9 lanc\u00e9e par le pr\u00eatre Charles Gabriel Richard, cur\u00e9 de Bouth\u00e9on, pour financer la r\u00e9alisation de cette Vierge \u00e0 l&rsquo;Enfant.<\/p>\n\n\n\n<p><strong>Le saviez vous ?<\/strong> Le sculpteur Jean Cardot (1930-2020) \u00e9tait membre de l&rsquo;Acad\u00e9mie des Beaux-Arts.<\/p>\n","protected":false},"excerpt":{"rendered":"<p>Panneau 02&nbsp;: l\u2019oratoire d\u00e9di\u00e9 \u00e0 la Vierge Marie Cette madone a \u00e9t\u00e9 r\u00e9alis\u00e9e en 1962&hellip; <a href=\"https:\/\/www.boutheon.com\/?page_id=3215\">Lire la suite<\/a><\/p>\n","protected":false},"author":3,"featured_media":0,"parent":3211,"menu_order":0,"comment_status":"closed","ping_status":"closed","template":"","meta":{"footnotes":""},"_links":{"self":[{"href":"https:\/\/www.boutheon.com\/index.php?rest_route=\/wp\/v2\/pages\/3215"}],"collection":[{"href":"https:\/\/www.boutheon.com\/index.php?rest_route=\/wp\/v2\/pages"}],"about":[{"href":"https:\/\/www.boutheon.com\/index.php?rest_route=\/wp\/v2\/types\/page"}],"author":[{"embeddable":true,"href":"https:\/\/www.boutheon.com\/index.php?rest_route=\/wp\/v2\/users\/3"}],"replies":[{"embeddable":true,"href":"https:\/\/www.boutheon.com\/index.php?rest_route=%2Fwp%2Fv2%2Fcomments&post=3215"}],"version-history":[{"count":4,"href":"https:\/\/www.boutheon.com\/index.php?rest_route=\/wp\/v2\/pages\/3215\/revisions"}],"predecessor-version":[{"id":3344,"href":"https:\/\/www.boutheon.com\/index.php?rest_route=\/wp\/v2\/pages\/3215\/revisions\/3344"}],"up":[{"embeddable":true,"href":"https:\/\/www.boutheon.com\/index.php?rest_route=\/wp\/v2\/pages\/3211"}],"wp:attachment":[{"href":"https:\/\/www.boutheon.com\/index.php?rest_route=%2Fwp%2Fv2%2Fmedia&parent=3215"}],"curies":[{"name":"wp","href":"https:\/\/api.w.org\/{rel}","templated":true}]}}